{"id":2,"date":"2013-10-08T13:49:33","date_gmt":"2013-10-08T13:49:33","guid":{"rendered":"http:\/\/www.adeomrocha.com.uy\/?page_id=2"},"modified":"2021-01-14T12:48:27","modified_gmt":"2021-01-14T12:48:27","slug":"pagina-ejemplo","status":"publish","type":"page","link":"https:\/\/www.adeomrocha.com.uy\/?page_id=2","title":{"rendered":"Quienes somos"},"content":{"rendered":"<p style=\"text-align: center;\">Bienvenidos a la p\u00e1gina oficial de ADEOM Rocha.<\/p>\n<p style=\"text-align: center;\">Aqui encontrar\u00e1 informaci\u00f3n actualizada de las actividades del gremio y podr\u00e1n comunicarse con nosotros mediante diferentes vias.<\/p>\n<p style=\"text-align: center;\">Muy pronto estaremos agregando informaci\u00f3n para tenerlos al tanto de lo que sucede a todo nivel.<\/p>\n<div style=\"text-align: center;\">Asociaci\u00f3n de Empleados y Obreros Municipales de Rocha<\/div>\n<div style=\"text-align: center;\">\n<div>\u00a0<\/div>\n<p>MISION<\/p>\n<p>\u00a0<\/p>\n<p>.<\/p>\n<p>Impulsar todo tipo de acciones que sean capaces de promover y mejorar las condiciones socio econ\u00f3micas de la familia municipal. Resaltando el compromiso de lucha e independencia de todo sector pol\u00edtico partidario. Revalorizando y jerarquizando nuestra conciencia de clase, desarrollando entre nuestros asociados sentimientos de cooperaci\u00f3n y solidaridad.<\/p>\n<p>\u00a0<\/p>\n<p>VISION<\/p>\n<p>\u00a0<\/p>\n<ul>\n<li>Afianzarnos como un referente fundamental del sindicalismo en nuestro departamento y en el Pa\u00eds.<\/li>\n<li>Impulsar sentimientos solidarios y de lucha para que se respeten los derechos de los trabajadores.<\/li>\n<li>Mantener el compromiso de representar a nuestros afiliados en forma responsable, velando por su salud, f\u00edsica, mental. Promoviendo acciones tendientes a mejorar sus condiciones econ\u00f3micas sociales y culturales.<\/li>\n<\/ul>\n<\/div>\n<div style=\"text-align: center;\">\n<div>\u00a0<\/div>\n<div>Informaci\u00f3n General<\/div>\n<p>ESTE SINDICATO FUERTE Y COMBATIVO EST\u00c1 DISPUESTO CON SUS SOCIOS A MEJORAR NUESTRAS CONDICIONES EN EL \u00c1MBITO LABORAL POR ENCIMA DE PERIODOS POL\u00cdTICOS SINDICALES COMO AS\u00cd TAMBI\u00c9N DE PERIODOS POL\u00cdTICOS PARTIDARIOS<\/p>\n<\/div>\n<p>\u00a0<\/p>\n<p>\u00a0<\/p>\n\n\n<div class=\"wp-block-image\"><figure class=\"aligncenter size-large\"><a href=\"http:\/\/www.adeomrocha.com.uy\/wp-content\/uploads\/2021\/01\/adeom-banderas.png\"><img loading=\"lazy\" decoding=\"async\" width=\"180\" height=\"121\" src=\"http:\/\/www.adeomrocha.com.uy\/wp-content\/uploads\/2021\/01\/adeom-banderas.png\" alt=\"\" class=\"wp-image-1298\"\/><\/a><\/figure><\/div>\n","protected":false},"excerpt":{"rendered":"<p>Bienvenidos a la p\u00e1gina oficial de ADEOM Rocha. Aqui encontrar\u00e1 informaci\u00f3n actualizada de las actividades del gremio y podr\u00e1n comunicarse con nosotros mediante diferentes vias. Muy pronto estaremos agregando informaci\u00f3n para tenerlos al tanto de lo que sucede a todo nivel. Asociaci\u00f3n de Empleados y Obreros Municipales de Rocha \u00a0 MISION \u00a0 . Impulsar todo [&hellip;]<\/p>\n","protected":false},"author":1,"featured_media":0,"parent":0,"menu_order":1,"comment_status":"open","ping_status":"closed","template":"","meta":{"footnotes":""},"class_list":["post-2","page","type-page","status-publish","hentry"],"_links":{"self":[{"href":"https:\/\/www.adeomrocha.com.uy\/index.php?rest_route=\/wp\/v2\/pages\/2","targetHints":{"allow":["GET"]}}],"collection":[{"href":"https:\/\/www.adeomrocha.com.uy\/index.php?rest_route=\/wp\/v2\/pages"}],"about":[{"href":"https:\/\/www.adeomrocha.com.uy\/index.php?rest_route=\/wp\/v2\/types\/page"}],"author":[{"embeddable":true,"href":"https:\/\/www.adeomrocha.com.uy\/index.php?rest_route=\/wp\/v2\/users\/1"}],"replies":[{"embeddable":true,"href":"https:\/\/www.adeomrocha.com.uy\/index.php?rest_route=%2Fwp%2Fv2%2Fcomments&post=2"}],"version-history":[{"count":6,"href":"https:\/\/www.adeomrocha.com.uy\/index.php?rest_route=\/wp\/v2\/pages\/2\/revisions"}],"predecessor-version":[{"id":1299,"href":"https:\/\/www.adeomrocha.com.uy\/index.php?rest_route=\/wp\/v2\/pages\/2\/revisions\/1299"}],"wp:attachment":[{"href":"https:\/\/www.adeomrocha.com.uy\/index.php?rest_route=%2Fwp%2Fv2%2Fmedia&parent=2"}],"curies":[{"name":"wp","href":"https:\/\/api.w.org\/{rel}","templated":true}]}}